{"id":428588,"date":"2026-08-31T13:03:10","date_gmt":"2026-08-31T11:03:10","guid":{"rendered":"https:\/\/tourisme-latestedebuch.com\/manifestations\/imany\/"},"modified":"2026-09-01T08:17:10","modified_gmt":"2026-09-01T06:17:10","slug":"imany","status":"publish","type":"manifestations","link":"https:\/\/tourisme-latestedebuch.com\/en\/manifestations\/imany\/","title":{"rendered":"Imany"},"content":{"rendered":"<p>Port\u00e9e par une voix envo\u00fbtante et une pr\u00e9sence sc\u00e9nique magn\u00e9tique, Imany s\u2019impose depuis plus de dix ans comme une artiste singuli\u00e8re, m\u00ealant intensit\u00e9 \u00e9motionnelle, textes profonds et \u00e9nergie vibrante.<br \/>\nSon projet Voodoo Cello, associant sa voix \u00e0 huit violoncelles, illustre cette cr\u00e9ativit\u00e9. Ce spectacle intime et puissant a rencontr\u00e9 un grand succ\u00e8s avec plus de cent dates \u00e0 travers l\u2019Europe et au-del\u00e0.<br \/>\nImany revient avec Women Deserve Rage, sorti le 24 octobre 2025, un album plus personnel et engag\u00e9 qu\u2019elle pr\u00e9sente lors d\u2019une nouvelle tourn\u00e9e en France. V\u00e9ritable manifeste d\u2019\u00e9mancipation, cet opus explore notamment la col\u00e8re f\u00e9minine, trop souvent r\u00e9prim\u00e9e, qu\u2019elle revendique comme une \u00e9motion l\u00e9gitime et une force de transformation.<br \/>\nAvec Women Deserve Rage, Imany propose ainsi une \u0153uvre puissante, invitant \u00e0 r\u00e9fl\u00e9chir \u00e0 la place des femmes et \u00e0 la reconnaissance de leurs \u00e9motions.<\/p>\n","protected":false},"featured_media":0,"template":"","type-manifestation":[17],"pmr":[],"tax-saisons":[161],"acf":[],"yoast_head":"<!-- This site is optimized with the Yoast SEO plugin v23.0 - https:\/\/yoast.com\/wordpress\/plugins\/seo\/ -->\n<title>Imany - Site de l&#039;Office de tourisme La Teste-de-Buch<\/title>\n<meta name=\"robots\" content=\"index, follow, max-snippet:-1, max-image-preview:large, max-video-preview:-1\" \/>\n<link rel=\"canonical\" href=\"https:\/\/tourisme-latestedebuch.com\/manifestations\/imany\/\" \/>\n<meta property=\"og:locale\" content=\"en_US\" \/>\n<meta property=\"og:type\" content=\"article\" \/>\n<meta property=\"og:title\" content=\"Imany - Site de l&#039;Office de tourisme La Teste-de-Buch\" \/>\n<meta property=\"og:description\" content=\"Port\u00e9e par une voix envo\u00fbtante et une pr\u00e9sence sc\u00e9nique magn\u00e9tique, Imany s\u2019impose depuis plus de dix ans comme une artiste singuli\u00e8re, m\u00ealant intensit\u00e9 \u00e9motionnelle, textes profonds et \u00e9nergie vibrante. Son&hellip;\" \/>\n<meta property=\"og:url\" content=\"https:\/\/tourisme-latestedebuch.com\/manifestations\/imany\/\" \/>\n<meta property=\"og:site_name\" content=\"Site de l&#039;Office de tourisme La Teste-de-Buch\" \/>\n<meta property=\"article:modified_time\" content=\"2026-09-01T06:17:10+00:00\" \/>\n<meta name=\"twitter:card\" content=\"summary_large_image\" \/>\n<meta name=\"twitter:label1\" content=\"Est. reading time\" \/>\n\t<meta name=\"twitter:data1\" content=\"1 minute\" \/>\n<script type=\"application\/ld+json\" class=\"yoast-schema-graph\">{\"@context\":\"https:\/\/schema.org\",\"@graph\":[{\"@type\":\"WebPage\",\"@id\":\"https:\/\/tourisme-latestedebuch.com\/manifestations\/imany\/\",\"url\":\"https:\/\/tourisme-latestedebuch.com\/manifestations\/imany\/\",\"name\":\"Imany - Site de l&#039;Office de tourisme La Teste-de-Buch\",\"isPartOf\":{\"@id\":\"https:\/\/tourisme-latestedebuch.com\/#website\"},\"datePublished\":\"2026-08-31T11:03:10+00:00\",\"dateModified\":\"2026-09-01T06:17:10+00:00\",\"breadcrumb\":{\"@id\":\"https:\/\/tourisme-latestedebuch.com\/manifestations\/imany\/#breadcrumb\"},\"inLanguage\":\"en-US\",\"potentialAction\":[{\"@type\":\"ReadAction\",\"target\":[\"https:\/\/tourisme-latestedebuch.com\/manifestations\/imany\/\"]}]},{\"@type\":\"BreadcrumbList\",\"@id\":\"https:\/\/tourisme-latestedebuch.com\/manifestations\/imany\/#breadcrumb\",\"itemListElement\":[{\"@type\":\"ListItem\",\"position\":1,\"name\":\"Accueil\",\"item\":\"https:\/\/tourisme-latestedebuch.com\/en\/\"},{\"@type\":\"ListItem\",\"position\":2,\"name\":\"Manifestations\",\"item\":\"https:\/\/tourisme-latestedebuch.com\/agenda\/\"},{\"@type\":\"ListItem\",\"position\":3,\"name\":\"Imany\"}]},{\"@type\":\"WebSite\",\"@id\":\"https:\/\/tourisme-latestedebuch.com\/#website\",\"url\":\"https:\/\/tourisme-latestedebuch.com\/\",\"name\":\"Site de l&#039;Office de tourisme La Teste-de-Buch\",\"description\":\"\",\"potentialAction\":[{\"@type\":\"SearchAction\",\"target\":{\"@type\":\"EntryPoint\",\"urlTemplate\":\"https:\/\/tourisme-latestedebuch.com\/?s={search_term_string}\"},\"query-input\":\"required name=search_term_string\"}],\"inLanguage\":\"en-US\"}]}<\/script>\n<!-- \/ Yoast SEO plugin. -->","yoast_head_json":{"title":"Imany - Site de l&#039;Office de tourisme La Teste-de-Buch","robots":{"index":"index","follow":"follow","max-snippet":"max-snippet:-1","max-image-preview":"max-image-preview:large","max-video-preview":"max-video-preview:-1"},"canonical":"https:\/\/tourisme-latestedebuch.com\/manifestations\/imany\/","og_locale":"en_US","og_type":"article","og_title":"Imany - Site de l&#039;Office de tourisme La Teste-de-Buch","og_description":"Port\u00e9e par une voix envo\u00fbtante et une pr\u00e9sence sc\u00e9nique magn\u00e9tique, Imany s\u2019impose depuis plus de dix ans comme une artiste singuli\u00e8re, m\u00ealant intensit\u00e9 \u00e9motionnelle, textes profonds et \u00e9nergie vibrante. Son&hellip;","og_url":"https:\/\/tourisme-latestedebuch.com\/manifestations\/imany\/","og_site_name":"Site de l&#039;Office de tourisme La Teste-de-Buch","article_modified_time":"2026-09-01T06:17:10+00:00","twitter_card":"summary_large_image","twitter_misc":{"Est. reading time":"1 minute"},"schema":{"@context":"https:\/\/schema.org","@graph":[{"@type":"WebPage","@id":"https:\/\/tourisme-latestedebuch.com\/manifestations\/imany\/","url":"https:\/\/tourisme-latestedebuch.com\/manifestations\/imany\/","name":"Imany - Site de l&#039;Office de tourisme La Teste-de-Buch","isPartOf":{"@id":"https:\/\/tourisme-latestedebuch.com\/#website"},"datePublished":"2026-08-31T11:03:10+00:00","dateModified":"2026-09-01T06:17:10+00:00","breadcrumb":{"@id":"https:\/\/tourisme-latestedebuch.com\/manifestations\/imany\/#breadcrumb"},"inLanguage":"en-US","potentialAction":[{"@type":"ReadAction","target":["https:\/\/tourisme-latestedebuch.com\/manifestations\/imany\/"]}]},{"@type":"BreadcrumbList","@id":"https:\/\/tourisme-latestedebuch.com\/manifestations\/imany\/#breadcrumb","itemListElement":[{"@type":"ListItem","position":1,"name":"Accueil","item":"https:\/\/tourisme-latestedebuch.com\/en\/"},{"@type":"ListItem","position":2,"name":"Manifestations","item":"https:\/\/tourisme-latestedebuch.com\/agenda\/"},{"@type":"ListItem","position":3,"name":"Imany"}]},{"@type":"WebSite","@id":"https:\/\/tourisme-latestedebuch.com\/#website","url":"https:\/\/tourisme-latestedebuch.com\/","name":"Site de l&#039;Office de tourisme La Teste-de-Buch","description":"","potentialAction":[{"@type":"SearchAction","target":{"@type":"EntryPoint","urlTemplate":"https:\/\/tourisme-latestedebuch.com\/?s={search_term_string}"},"query-input":"required name=search_term_string"}],"inLanguage":"en-US"}]}},"_links":{"self":[{"href":"https:\/\/tourisme-latestedebuch.com\/en\/wp-json\/wp\/v2\/manifestations\/428588"}],"collection":[{"href":"https:\/\/tourisme-latestedebuch.com\/en\/wp-json\/wp\/v2\/manifestations"}],"about":[{"href":"https:\/\/tourisme-latestedebuch.com\/en\/wp-json\/wp\/v2\/types\/manifestations"}],"wp:attachment":[{"href":"https:\/\/tourisme-latestedebuch.com\/en\/wp-json\/wp\/v2\/media?parent=428588"}],"wp:term":[{"taxonomy":"type-manifestation","embeddable":true,"href":"https:\/\/tourisme-latestedebuch.com\/en\/wp-json\/wp\/v2\/type-manifestation?post=428588"},{"taxonomy":"pmr","embeddable":true,"href":"https:\/\/tourisme-latestedebuch.com\/en\/wp-json\/wp\/v2\/pmr?post=428588"},{"taxonomy":"tax-saisons","embeddable":true,"href":"https:\/\/tourisme-latestedebuch.com\/en\/wp-json\/wp\/v2\/tax-saisons?post=428588"}],"curies":[{"name":"wp","href":"https:\/\/api.w.org\/{rel}","templated":true}]}}